{"id":21,"date":"2015-12-17T14:37:11","date_gmt":"2015-12-17T13:37:11","guid":{"rendered":"http:\/\/www.paroisse-saint-melaine53.fr\/?page_id=21"},"modified":"2026-03-25T21:23:20","modified_gmt":"2026-03-25T20:23:20","slug":"enfants-jeunes","status":"publish","type":"page","link":"https:\/\/www.paroisse-saint-melaine53.fr\/?page_id=21","title":{"rendered":"Enfants et jeunes"},"content":{"rendered":"\n<h2 class=\"wp-block-heading has-text-align-center\">Propositions pour les enfants et les jeunes<\/h2>\n\n\n\n<p>Chers parents, vous avez envie que votre enfant ou votre jeune soit baptis\u00e9 ou fasse sa communion, sa profession de foi, sa confirmation ou tout simplement suive le cat\u00e9 ? Nous sommes heureux de cette d\u00e9marche et nous vous proposons de les accompagner et de vous accompagner dans cette d\u00e9marche en l\u2019inscrivant sur la proposition qui vous int\u00e9resse.<\/p>\n\n\n\n<p>Cher enfant, cher jeune, as-tu envie de d\u00e9couvrir J\u00e9sus, approfondir tes connaissances sur J\u00e9sus, sur la vie des chr\u00e9tiens, as-tu envie de faire (ta 1\u00e8re des communions, ta profession de foi, ta confirmation avec d\u2019autres jeunes, d\u2019autres enfants ou de recevoir le bapt\u00eame) ? nous sommes heureux d\u2019accueillir ta demande et t\u2019accompagner dans ton d\u00e9sir. Pour cela nous t\u2019invitons \u00e0 t\u2019inscrire.<\/p>\n\n\n\n<p class=\"has-text-align-center has-nv-c-2-color has-text-color has-medium-font-size\"><strong><em>&nbsp;&nbsp; As-tu envie de recevoir le bapt\u00eame ?<\/em><\/strong><\/p>\n\n\n\n<p class=\"has-neve-link-hover-color-color has-text-color has-medium-font-size\"><strong>Petit enfant<\/strong><\/p>\n\n\n\n<p>Voir compl\u00e9ments d&rsquo;informations sur l&rsquo;onglet de ce site \u00ab\u00a0<strong>C\u00e9l\u00e9brer les sacrements\u00a0\u00bb<\/strong><\/p>\n\n\n\n<p>Renseignements ; 06 87 09 11 09 (Jean-Marc RAIMBAULT diacre permanent) ; mail : bapteme@paroisse-saint-melaine53.fr <\/p>\n\n\n\n<p class=\"has-neve-link-hover-color-color has-text-color has-medium-font-size\"><strong>Enfant d&rsquo;\u00e2ge scolaire<\/strong><\/p>\n\n\n\n<p>Renseignements :06 38 51 74 82 ( Nicolas DEGOUTE ) ; mail : nicolas.degoute53@gmail.com<\/p>\n\n\n\n<p>Clique sur le lien . : <a href=\"https:\/\/public.enoria.app\/pubinsc\/gp\/608a4da679957cc\/open\">\u00e2ge scolaire<\/a><\/p>\n\n\n\n<p class=\"has-text-align-center has-nv-c-2-color has-text-color has-medium-font-size\"><strong><em>As-tu envie de faire du cat\u00e9 ?<\/em><\/strong> <\/p>\n\n\n\n<p>Clique sur le lien . : <a href=\"https:\/\/public.enoria.app\/pubinsc\/gp\/f38a116ad1a27cb\/open\" title=\"Cat\u00e9ch\u00e8se\">Cat\u00e9ch\u00e8se<\/a><\/p>\n\n\n\n<p>Renseignements : 06 38 51 74 82 ( Nicolas DEGOUTE ) ; mail : nicolas.degoute53@gmail.com<\/p>\n\n\n\n<p class=\"has-text-align-center has-nv-c-2-color has-text-color has-medium-font-size\"><strong><em>As-tu envie de faire ta 1\u00e8re des communions ? <\/em><\/strong><\/p>\n\n\n\n<p>Clique sur le lien  : <a href=\"https:\/\/public.enoria.app\/pubinsc\/gp\/df65f6004b5dce8\/open\">Premi\u00e8re des communions<\/a><\/p>\n\n\n\n<p class=\"has-neve-link-hover-color-color has-text-color\">Renseignements : cate@paroisse-saint-melaine53.fr<\/p>\n\n\n\n<p class=\"has-text-align-center has-nv-c-2-color has-text-color has-medium-font-size\"><strong><em>As-tu envie de faire ta profession de foi ?<\/em><\/strong> <\/p>\n\n\n\n<p>Clique sur le lien. : <a href=\"https:\/\/public.enoria.app\/pubinsc\/gp\/d505b5dd4d0db4b\/open\">Profession de Foi<\/a><\/p>\n\n\n\n<p>Renseignements : 06 29 52 18 39 (Fr\u00e8re Omer) Mail : jeunes@paroisse-saint-melaine53.fr<\/p>\n\n\n\n<p class=\"has-text-align-center has-nv-c-2-color has-text-color has-medium-font-size\"><strong><em>As-tu envie de faire ta confirmation ?<\/em><\/strong> <\/p>\n\n\n\n<p class=\"has-neve-link-hover-color-color has-text-color has-medium-font-size\"><strong>Jeunes<\/strong><\/p>\n\n\n\n<p>Clique sur le lien ; <a href=\"https:\/\/public.enoria.app\/pubinsc\/gp\/740187ad3ab0b74\/open\">Confirmation jeunes<\/a><\/p>\n\n\n\n<p>Renseignements : 06 73 56 13 54 ou 06 29 52 18 39 (Fr\u00e8re Omer) Mail : jeunes@paroisse-saint-melaine53.fr <\/p>\n\n\n\n<p class=\"has-neve-link-hover-color-color has-text-color has-medium-font-size\"><\/p>\n\n\n\n<h2 class=\"wp-block-heading has-text-align-center\"><mark style=\"color:#00a30f\" class=\"has-inline-color\">Jeunes Frat&rsquo;Saint-Melaine<\/mark><\/h2>\n\n\n\n<p class=\"has-text-align-center\"><strong>Un temps de fraternit\u00e9 pour les jeunes.<\/strong><br>Les jeunes de la paroisse se retrouvent le samedi avec au menu: messe, repas, film ou \u00e9change, pri\u00e8re des complies.<br><strong>Contact pour  Jeunes Frat&rsquo;Saint-Melaine: <\/strong><\/p>\n\n\n<div class=\"wp-block-image\">\n<figure class=\"aligncenter size-full is-resized\"><img data-opt-id=1208368017  fetchpriority=\"high\" decoding=\"async\" width=\"389\" height=\"36\" data-src=\"https:\/\/ml8u9mzc6rsf.i.optimole.com\/cb:Y0oE.2e511\/w:auto\/h:auto\/q:mauto\/f:best\/https:\/\/www.paroisse-saint-melaine53.fr\/wp-content\/uploads\/2022\/09\/image.png\" alt=\"\" class=\"wp-image-2662 lazyload\" style=\"--smush-placeholder-width: 389px; --smush-placeholder-aspect-ratio: 389\/36;width:389px;height:36px\" src=\"data:image\/svg+xml;base64,PHN2ZyB3aWR0aD0iMSIgaGVpZ2h0PSIxIiB4bWxucz0iaHR0cDovL3d3dy53My5vcmcvMjAwMC9zdmciPjwvc3ZnPg==\" \/><\/figure>\n<\/div>\n\n\n<p class=\"has-text-align-center\">Pour s&rsquo;inscrire, cliquer <a href=\"https:\/\/public.enoria.app\/pubinsc\/gp\/82251bd748af5d1\/open\">ici<\/a><\/p>\n\n\n\n<h2 class=\"wp-block-heading has-text-align-center\"><mark style=\"color:#060343\" class=\"has-inline-color\">Servants d&rsquo;autel et servantes de l&rsquo;assembl\u00e9e<\/mark><\/h2>\n\n\n\n<p><strong>Servir le myst\u00e8re de la liturgie de l&rsquo;Eucharistie dominicale.<\/strong><\/p>\n\n\n\n<p>Des rencontres de formation de formation dans l&rsquo;ann\u00e9e pour approfondir et mieux servir le myst\u00e8re de l&rsquo;<strong><em>Eucharistie<\/em><\/strong> et la pri\u00e8re de l&rsquo;<strong><em>Assembl\u00e9e dominicale<\/em><\/strong><\/p>\n\n\n\n<p><\/p>\n","protected":false},"excerpt":{"rendered":"<p>Propositions pour les enfants et les jeunes Chers parents, vous avez envie que votre enfant ou votre jeune soit baptis\u00e9 ou fasse sa communion, sa profession de foi, sa confirmation ou tout simplement suive le cat\u00e9 ? Nous sommes heureux de cette d\u00e9marche et nous vous proposons de les accompagner et de vous accompagner dans&hellip;&nbsp;<a href=\"https:\/\/www.paroisse-saint-melaine53.fr\/?page_id=21\" rel=\"bookmark\">Lire la suite &raquo;<span class=\"screen-reader-text\">Enfants et jeunes<\/span><\/a><\/p>\n","protected":false},"author":1,"featured_media":0,"parent":0,"menu_order":20,"comment_status":"closed","ping_status":"closed","template":"","meta":{"_acf_changed":false,"advgb_blocks_editor_width":"","advgb_blocks_columns_visual_guide":"","_monsterinsights_skip_tracking":false,"_monsterinsights_sitenote_active":false,"_monsterinsights_sitenote_note":"","_monsterinsights_sitenote_category":0,"neve_meta_sidebar":"","neve_meta_container":"","neve_meta_enable_content_width":"","neve_meta_content_width":0,"neve_meta_title_alignment":"center","neve_meta_author_avatar":"","neve_post_elements_order":"","neve_meta_disable_header":"","neve_meta_disable_footer":"","neve_meta_disable_title":"","footnotes":""},"class_list":["post-21","page","type-page","status-publish","hentry"],"acf":[],"aioseo_notices":[],"coauthors":[],"author_meta":{"author_link":"https:\/\/www.paroisse-saint-melaine53.fr\/?author=1","display_name":"Jean-Luc"},"relative_dates":{"created":"Publi\u00e9 10 ans il y a","modified":"Mis \u00e0 jour 1 mois il y a"},"absolute_dates":{"created":"Publi\u00e9 le 17 d\u00e9cembre 2015","modified":"Mise \u00e0 jour le 25 mars 2026"},"absolute_dates_time":{"created":"Publi\u00e9 le 17 d\u00e9cembre 2015 14 h 37 min","modified":"Mise \u00e0 jour le 25 mars 2026 21 h 23 min"},"featured_img_caption":"","featured_img":false,"series_order":"","_links":{"self":[{"href":"https:\/\/www.paroisse-saint-melaine53.fr\/index.php?rest_route=\/wp\/v2\/pages\/21","targetHints":{"allow":["GET"]}}],"collection":[{"href":"https:\/\/www.paroisse-saint-melaine53.fr\/index.php?rest_route=\/wp\/v2\/pages"}],"about":[{"href":"https:\/\/www.paroisse-saint-melaine53.fr\/index.php?rest_route=\/wp\/v2\/types\/page"}],"author":[{"embeddable":true,"href":"https:\/\/www.paroisse-saint-melaine53.fr\/index.php?rest_route=\/wp\/v2\/users\/1"}],"replies":[{"embeddable":true,"href":"https:\/\/www.paroisse-saint-melaine53.fr\/index.php?rest_route=%2Fwp%2Fv2%2Fcomments&post=21"}],"version-history":[{"count":80,"href":"https:\/\/www.paroisse-saint-melaine53.fr\/index.php?rest_route=\/wp\/v2\/pages\/21\/revisions"}],"predecessor-version":[{"id":5415,"href":"https:\/\/www.paroisse-saint-melaine53.fr\/index.php?rest_route=\/wp\/v2\/pages\/21\/revisions\/5415"}],"wp:attachment":[{"href":"https:\/\/www.paroisse-saint-melaine53.fr\/index.php?rest_route=%2Fwp%2Fv2%2Fmedia&parent=21"}],"curies":[{"name":"wp","href":"https:\/\/api.w.org\/{rel}","templated":true}]}}