{"id":212,"date":"2016-12-12T20:40:27","date_gmt":"2016-12-12T19:40:27","guid":{"rendered":"http:\/\/www.paroisse-saint-melaine53.fr\/?page_id=212"},"modified":"2026-03-10T16:18:35","modified_gmt":"2026-03-10T15:18:35","slug":"solidarite-compassion","status":"publish","type":"page","link":"https:\/\/www.paroisse-saint-melaine53.fr\/?page_id=212","title":{"rendered":"Solidarit\u00e9 et Compassion"},"content":{"rendered":"<h2 style=\"text-align: center\"><strong>Service paroissial des malades.<\/strong><\/h2>\n<p><strong><span style=\"color: #000080\"><em>J\u2019\u00e9tais malade et vous m\u2019avez visit\u00e9&#8230;..<\/em><\/span><\/strong><\/p>\n<p>Malade ou \u00e2g\u00e9 et dans l\u2019impossibilit\u00e9 de vous d\u00e9placer, vous souhaitez \u00eatre visit\u00e9, prier avec une personne de la paroisse ou recevoir la communion\u00a0? Si vous connaissez des personnes seules qui voudraient \u00eatre visit\u00e9es\u2026<\/p>\n<p style=\"text-align: center\"><strong>Contactez :\u00a0 Soizick Crusson T\u00e9l : 06 32 13 59 45 \/ Courriel : soizick.crusson@gmail.com<\/strong><\/p>\n<h2 style=\"text-align: center\">Obs\u00e8ques et accueil des familles en deuil<\/h2>\n<p>C\u2019est la pri\u00e8re de la communaut\u00e9 pour l\u2019un de ses membres qui passe par la mort. Lors d\u2019un d\u00e9c\u00e8s, prendre <span style=\"text-decoration: underline\">d\u2019abord contact avec les Pompes Fun\u00e8bres.<\/span> Une \u00e9quipe de paroissiens est sp\u00e9cialement form\u00e9e pour pr\u00e9parer la c\u00e9l\u00e9bration et accompagner les personnes en deuil.<\/p>\n<p>Vous pouvez contacter une personne du service s\u00e9pulture au<br \/>\nnum\u00e9ro suivant\u00a0 06 73 97 57 92<\/p>\n<h2 style=\"text-align: center\">Faire c\u00e9l\u00e9brer une messe \u00e0 vos intentions<\/h2>\n<p>La messe est la plus belle des pri\u00e8res. Chaque jour, les pr\u00eatres de la paroisse c\u00e9l\u00e8brent la messe\u00a0\u00e0 vos intentions pour des \u00e9v\u00e8nements heureux (un nouveau-n\u00e9, un jeune couple, un projet professionnel,\u2026) pour un parent ou un ami, pour une personne dans l\u2019\u00e9preuve ou pour un d\u00e9funt.<\/p>\n<p>Offrir une messe, c\u2019est aussi pour les fid\u00e8les l\u2019occasion de contribuer \u00e0 la vie mat\u00e9rielle de l\u2019\u00c9glise.<\/p>\n<p style=\"text-align: center\"><span style=\"color: #008000\"><b>Pour offrir une intention de messe<\/b><\/span><\/p>\n<p>Par courrier \u00e0 la paroisse:<br \/>\nMaison Pastorale\u00a0 6, Rue Abb\u00e9 Angot, 53950 Louvern\u00e9<br \/>\n(Offrande : 18 \u20ac : ch\u00e8que \u00e0 l&rsquo;ordre de \u00ab\u00a0Paroisse Saint-Melaine en Val de Jouanne\u00a0\u00bb).<\/p>\n<p>ou en cliquant sur le lien suivant :\u00a0<a href=\"https:\/\/public.enoria.app\/pubinsc\/intention\/48f98bf19e0aeed\/224\" data-wplink-edit=\"true\">https:\/\/public.enoria.app\/pubinsc\/intention\/48f98bf19e0aeed\/224<\/a><\/p>\n<h2 style=\"text-align: center\"><strong>Le Secours Catholique<\/strong><\/h2>\n<p><span style=\"color: #000080\"><strong><em>\u00ab\u00a0 Des liens pour Aimer, Partager, Servir\u00a0\u00bb<\/em><\/strong><\/span><\/p>\n<p><strong><span style=\"color: #000080\"><em>Pour aider les plus pauvres, je choisis d\u2019agir avec eux.<\/em><\/span><\/strong><\/p>\n<p>Le Secours Catholique a pour mission de soutenir les plus fragiles en pla\u00e7ant au c\u0153ur de son action la participation des personnes accompagn\u00e9es et le renforcement de la capacit\u00e9 de tous \u00e0 agir ensemble contre la pauvret\u00e9.<\/p>\n<p>Contacter une personne du secours catholique:<\/p>\n<p style=\"text-align: center\">Madame Anne Marie Bigot au 06 72 07 11 09 ou bigot.maurice@wanadoo.fr<\/p>\n","protected":false},"excerpt":{"rendered":"<p>Service paroissial des malades. J\u2019\u00e9tais malade et vous m\u2019avez visit\u00e9&#8230;.. Malade ou \u00e2g\u00e9 et dans l\u2019impossibilit\u00e9 de vous d\u00e9placer, vous souhaitez \u00eatre visit\u00e9, prier avec une personne de la paroisse ou recevoir la communion\u00a0? Si vous connaissez des personnes seules qui voudraient \u00eatre visit\u00e9es\u2026 Contactez :\u00a0 Soizick Crusson T\u00e9l : 06 32 13 59 45&hellip;&nbsp;<a href=\"https:\/\/www.paroisse-saint-melaine53.fr\/?page_id=212\" rel=\"bookmark\">Lire la suite &raquo;<span class=\"screen-reader-text\">Solidarit\u00e9 et Compassion<\/span><\/a><\/p>\n","protected":false},"author":1,"featured_media":0,"parent":0,"menu_order":40,"comment_status":"closed","ping_status":"closed","template":"","meta":{"_acf_changed":false,"advgb_blocks_editor_width":"","advgb_blocks_columns_visual_guide":"","_monsterinsights_skip_tracking":false,"_monsterinsights_sitenote_active":false,"_monsterinsights_sitenote_note":"","_monsterinsights_sitenote_category":0,"neve_meta_sidebar":"","neve_meta_container":"","neve_meta_enable_content_width":"","neve_meta_content_width":0,"neve_meta_title_alignment":"","neve_meta_author_avatar":"","neve_post_elements_order":"","neve_meta_disable_header":"","neve_meta_disable_footer":"","neve_meta_disable_title":"","footnotes":""},"class_list":["post-212","page","type-page","status-publish","hentry"],"acf":[],"aioseo_notices":[],"coauthors":[],"author_meta":{"author_link":"https:\/\/www.paroisse-saint-melaine53.fr\/?author=1","display_name":"Jean-Luc"},"relative_dates":{"created":"Publi\u00e9 9 ans il y a","modified":"Mis \u00e0 jour 2 mois il y a"},"absolute_dates":{"created":"Publi\u00e9 le 12 d\u00e9cembre 2016","modified":"Mise \u00e0 jour le 10 mars 2026"},"absolute_dates_time":{"created":"Publi\u00e9 le 12 d\u00e9cembre 2016 20 h 40 min","modified":"Mise \u00e0 jour le 10 mars 2026 16 h 18 min"},"featured_img_caption":"","featured_img":false,"series_order":"","_links":{"self":[{"href":"https:\/\/www.paroisse-saint-melaine53.fr\/index.php?rest_route=\/wp\/v2\/pages\/212","targetHints":{"allow":["GET"]}}],"collection":[{"href":"https:\/\/www.paroisse-saint-melaine53.fr\/index.php?rest_route=\/wp\/v2\/pages"}],"about":[{"href":"https:\/\/www.paroisse-saint-melaine53.fr\/index.php?rest_route=\/wp\/v2\/types\/page"}],"author":[{"embeddable":true,"href":"https:\/\/www.paroisse-saint-melaine53.fr\/index.php?rest_route=\/wp\/v2\/users\/1"}],"replies":[{"embeddable":true,"href":"https:\/\/www.paroisse-saint-melaine53.fr\/index.php?rest_route=%2Fwp%2Fv2%2Fcomments&post=212"}],"version-history":[{"count":27,"href":"https:\/\/www.paroisse-saint-melaine53.fr\/index.php?rest_route=\/wp\/v2\/pages\/212\/revisions"}],"predecessor-version":[{"id":5395,"href":"https:\/\/www.paroisse-saint-melaine53.fr\/index.php?rest_route=\/wp\/v2\/pages\/212\/revisions\/5395"}],"wp:attachment":[{"href":"https:\/\/www.paroisse-saint-melaine53.fr\/index.php?rest_route=%2Fwp%2Fv2%2Fmedia&parent=212"}],"curies":[{"name":"wp","href":"https:\/\/api.w.org\/{rel}","templated":true}]}}