{"id":2769,"date":"2022-10-21T20:23:01","date_gmt":"2022-10-21T19:23:01","guid":{"rendered":"https:\/\/www.paroisse-saint-melaine53.fr\/?page_id=2769"},"modified":"2026-01-08T22:18:41","modified_gmt":"2026-01-08T21:18:41","slug":"accueil-2","status":"publish","type":"page","link":"https:\/\/www.paroisse-saint-melaine53.fr\/","title":{"rendered":"Page d&rsquo;accueil"},"content":{"rendered":"<div class=\"n2_clear\"><ss3-force-full-width data-overflow-x=\"none\" data-horizontal-selector=\"body\"><div class=\"n2-section-smartslider fitvidsignore  n2_clear\" data-ssid=\"1\" tabindex=\"0\" role=\"region\" aria-label=\"Paroisse St.Melaine\"><div id=\"n2-ss-1-align\" class=\"n2-ss-align\"><div class=\"n2-padding\"><div id=\"n2-ss-1\" data-creator=\"Smart Slider 3\" data-responsive=\"fullwidth\" class=\"n2-ss-slider n2-ow n2-has-hover n2notransition  \">\n\n\n\n\n\n\n\n<div class=\"n2-ss-slider-wrapper-inside\">\n        <div class=\"n2-ss-slider-1 n2_ss__touch_element n2-ow\">\n            <div class=\"n2-ss-slider-2 n2-ow\">\n                                                <div class=\"n2-ss-slider-3 n2-ow\">\n\n                    <div class=\"n2-ss-slide-backgrounds n2-ow-all\"><div class=\"n2-ss-slide-background\" data-public-id=\"1\" data-mode=\"fill\"><div class=\"n2-ss-slide-background-image\" data-blur=\"0\" data-opacity=\"100\" data-x=\"47\" data-y=\"65\" data-alt=\"\" data-title=\"\" style=\"--ss-o-pos-x:47%;--ss-o-pos-y:65%\"><picture class=\"skip-lazy\" data-skip-lazy=\"1\"><img data-opt-id=413009437  fetchpriority=\"high\" decoding=\"async\" src=\"https:\/\/ml8u9mzc6rsf.i.optimole.com\/cb:Y0oE.2e511\/w:auto\/h:auto\/q:mauto\/f:best\/https:\/\/www.paroisse-saint-melaine53.fr\/wp-content\/uploads\/2024\/05\/vigile-pascale-1.jpg\" alt=\"\" title=\"\" loading=\"lazy\" class=\"skip-lazy\" data-skip-lazy=\"1\"><\/picture><\/div><div data-color=\"RGBA(255,255,255,0)\" style=\"background-color: RGBA(255,255,255,0);\" class=\"n2-ss-slide-background-color\"><\/div><\/div><div class=\"n2-ss-slide-background\" data-public-id=\"2\" data-mode=\"fill\" aria-hidden=\"true\"><div class=\"n2-ss-slide-background-image\" data-blur=\"0\" data-opacity=\"100\" data-x=\"49\" data-y=\"77\" data-alt=\"\" data-title=\"\" style=\"--ss-o-pos-x:49%;--ss-o-pos-y:77%\"><picture class=\"skip-lazy\" data-skip-lazy=\"1\"><img data-opt-id=216425933  fetchpriority=\"high\" decoding=\"async\" src=\"https:\/\/ml8u9mzc6rsf.i.optimole.com\/cb:Y0oE.2e511\/w:auto\/h:auto\/q:mauto\/f:best\/https:\/\/www.paroisse-saint-melaine53.fr\/wp-content\/uploads\/2024\/05\/Apero4-Argentre-1.jpg\" alt=\"\" title=\"\" loading=\"lazy\" class=\"skip-lazy\" data-skip-lazy=\"1\"><\/picture><\/div><div data-color=\"RGBA(255,255,255,0)\" style=\"background-color: RGBA(255,255,255,0);\" class=\"n2-ss-slide-background-color\"><\/div><\/div><div class=\"n2-ss-slide-background\" data-public-id=\"3\" data-mode=\"fill\" aria-hidden=\"true\"><div class=\"n2-ss-slide-background-image\" data-blur=\"0\" data-opacity=\"100\" data-x=\"50\" data-y=\"50\" data-alt=\"\" data-title=\"\"><picture class=\"skip-lazy\" data-skip-lazy=\"1\"><img data-opt-id=1854897755  fetchpriority=\"high\" decoding=\"async\" src=\"https:\/\/ml8u9mzc6rsf.i.optimole.com\/cb:Y0oE.2e511\/w:auto\/h:auto\/q:mauto\/f:best\/https:\/\/www.paroisse-saint-melaine53.fr\/wp-content\/uploads\/2024\/05\/Fratjeune2.jpg\" alt=\"\" title=\"\" loading=\"lazy\" class=\"skip-lazy\" data-skip-lazy=\"1\"><\/picture><\/div><div data-color=\"RGBA(255,255,255,0)\" style=\"background-color: RGBA(255,255,255,0);\" class=\"n2-ss-slide-background-color\"><\/div><\/div><div class=\"n2-ss-slide-background\" data-public-id=\"4\" data-mode=\"fill\" aria-hidden=\"true\"><div class=\"n2-ss-slide-background-image\" data-blur=\"0\" data-opacity=\"100\" data-x=\"50\" data-y=\"50\" data-alt=\"\" data-title=\"\"><picture class=\"skip-lazy\" data-skip-lazy=\"1\"><img data-opt-id=1728594844  decoding=\"async\" src=\"https:\/\/ml8u9mzc6rsf.i.optimole.com\/cb:Y0oE.2e511\/w:auto\/h:auto\/q:mauto\/f:best\/https:\/\/www.paroisse-saint-melaine53.fr\/wp-content\/uploads\/2024\/05\/IMG_66601-1-scaled.jpeg\" alt=\"\" title=\"\" loading=\"lazy\" class=\"skip-lazy\" data-skip-lazy=\"1\"><\/picture><\/div><div data-color=\"RGBA(255,255,255,0)\" style=\"background-color: RGBA(255,255,255,0);\" class=\"n2-ss-slide-background-color\"><\/div><\/div><div class=\"n2-ss-slide-background\" data-public-id=\"5\" data-mode=\"fill\" aria-hidden=\"true\"><div class=\"n2-ss-slide-background-image\" data-blur=\"0\" data-opacity=\"100\" data-x=\"60\" data-y=\"71\" data-alt=\"\" data-title=\"\" style=\"--ss-o-pos-x:60%;--ss-o-pos-y:71%\"><picture class=\"skip-lazy\" data-skip-lazy=\"1\"><img data-opt-id=1957674844  decoding=\"async\" src=\"https:\/\/ml8u9mzc6rsf.i.optimole.com\/cb:Y0oE.2e511\/w:auto\/h:auto\/q:mauto\/f:best\/https:\/\/www.paroisse-saint-melaine53.fr\/wp-content\/uploads\/2024\/05\/Noel-1-1.jpg\" alt=\"\" title=\"\" loading=\"lazy\" class=\"skip-lazy\" data-skip-lazy=\"1\"><\/picture><\/div><div data-color=\"RGBA(255,255,255,0)\" style=\"background-color: RGBA(255,255,255,0);\" class=\"n2-ss-slide-background-color\"><\/div><\/div><\/div>                    <div class=\"n2-ss-slider-4 n2-ow\">\n                        <svg xmlns=\"http:\/\/www.w3.org\/2000\/svg\" viewBox=\"0 0 800 400\" data-related-device=\"desktopPortrait\" class=\"n2-ow n2-ss-preserve-size n2-ss-preserve-size--slider n2-ss-slide-limiter\"><\/svg><div data-first=\"1\" data-slide-duration=\"0\" data-id=\"5\" data-slide-public-id=\"1\" data-title=\"vigile pascale 1\" class=\"n2-ss-slide n2-ow  n2-ss-slide-5\"><div role=\"note\" class=\"n2-ss-slide--focus\" tabindex=\"-1\">vigile pascale 1<\/div><div class=\"n2-ss-layers-container n2-ss-slide-limiter n2-ow\"><div class=\"n2-ss-layer n2-ow n-uc-Gn01nLO0arvj\" data-sstype=\"slide\" data-pm=\"default\"><div class=\"n2-ss-layer n2-ow n-uc-FtP3BaEGPfKL\" data-pm=\"default\" data-sstype=\"content\" data-hasbackground=\"0\"><div class=\"n2-ss-section-main-content n2-ss-layer-with-background n2-ss-layer-content n2-ow n-uc-FtP3BaEGPfKL-inner\"><div class=\"n2-ss-layer n2-ow n-uc-Di95iSoAzaEt\" data-pm=\"absolute\" data-responsiveposition=\"1\" data-desktopportraitleft=\"0\" data-mobileportraitleft=\"-12\" data-desktopportraittop=\"0\" data-mobileportraittop=\"0\" data-responsivesize=\"1\" data-desktopportraitwidth=\"auto\" data-mobileportraitwidth=\"722\" data-desktopportraitheight=\"auto\" data-mobileportraitheight=\"auto\" data-desktopportraitalign=\"center\" data-mobileportraitalign=\"center\" data-desktopportraitvalign=\"middle\" data-mobileportraitvalign=\"middle\" data-parentid=\"\" data-desktopportraitparentalign=\"center\" data-desktopportraitparentvalign=\"middle\" data-sstype=\"layer\"><h2 id=\"n2-ss-1item1\" class=\"n2-font-f93deecb7109092e11e89baca43469ca-hover n2-style-1622d8e29b7b119a53b80e245df3ce2f-heading   n2-ss-item-content n2-ss-text n2-ow\" style=\"display:block;\">Paroisse <br>Saint-Melaine <br>en Val de Jouanne<\/h2><\/div><\/div><\/div><\/div><\/div><\/div><div data-slide-duration=\"0\" data-id=\"3\" data-slide-public-id=\"2\" aria-hidden=\"true\" data-title=\"Une paroisse, six clochers\" class=\"n2-ss-slide n2-ow  n2-ss-slide-3\"><div role=\"note\" class=\"n2-ss-slide--focus\" tabindex=\"-1\">Une paroisse, six clochers<\/div><div class=\"n2-ss-layers-container n2-ss-slide-limiter n2-ow\"><div class=\"n2-ss-layer n2-ow n-uc-z4WNOfJMZxtz\" data-sstype=\"slide\" data-pm=\"default\"><div class=\"n2-ss-layer n2-ow n-uc-7cfcS0LPOUYq\" data-pm=\"default\" data-sstype=\"content\" data-hasbackground=\"0\"><div class=\"n2-ss-section-main-content n2-ss-layer-with-background n2-ss-layer-content n2-ow n-uc-7cfcS0LPOUYq-inner\"><div class=\"n2-ss-layer n2-ow n-uc-1d30b5a43a4bf\" data-pm=\"absolute\" data-responsiveposition=\"0\" data-desktopportraitleft=\"-1\" data-mobileportraitleft=\"0\" data-desktopportraittop=\"-109\" data-mobileportraittop=\"-56\" data-responsivesize=\"1\" data-desktopportraitwidth=\"389\" data-mobileportraitwidth=\"625\" data-desktopportraitheight=\"auto\" data-mobileportraitheight=\"197\" data-desktopportraitalign=\"center\" data-mobileportraitalign=\"center\" data-desktopportraitvalign=\"middle\" data-mobileportraitvalign=\"middle\" data-parentid=\"\" data-desktopportraitparentalign=\"center\" data-desktopportraitparentvalign=\"middle\" data-sstype=\"layer\"><div id=\"n2-ss-1item2\" class=\"n2-font-25e04fcb63a779eef665511a6128d540-hover n2-style-00f47751ff232cc668033201da553867-heading   n2-ss-item-content n2-ss-text n2-ow\" style=\"display:block;\">Une Paroisse, six villages<br>sept clochers<\/div><\/div><\/div><\/div><\/div><\/div><\/div><div data-slide-duration=\"0\" data-id=\"10\" data-slide-public-id=\"3\" aria-hidden=\"true\" data-title=\"Fratjeune2\" class=\"n2-ss-slide n2-ow  n2-ss-slide-10\"><div role=\"note\" class=\"n2-ss-slide--focus\" tabindex=\"-1\">Fratjeune2<\/div><div class=\"n2-ss-layers-container n2-ss-slide-limiter n2-ow\"><div class=\"n2-ss-layer n2-ow n-uc-MQvGVPGJFJkX\" data-sstype=\"slide\" data-pm=\"default\"><div class=\"n2-ss-layer n2-ow n-uc-6OPKGinwP8cB\" data-pm=\"default\" data-sstype=\"content\" data-hasbackground=\"0\"><div class=\"n2-ss-section-main-content n2-ss-layer-with-background n2-ss-layer-content n2-ow n-uc-6OPKGinwP8cB-inner\"><div class=\"n2-ss-layer n2-ow n-uc-pAdyBDXuHIjg\" data-pm=\"normal\" data-sstype=\"layer\"><div class=\"n2-ss-item-content n2-ss-text n2-ow-all\"><div data-hide-desktoplandscape=\"1\" data-hide-desktopportrait=\"1\" data-hide-tabletlandscape=\"1\" data-hide-tabletportrait=\"1\"><p class=\"n2-font-008e541371db8b0693d17cb5218fc7e9-paragraph  n2-style-8e439984e4a491fedade2737c27bbb11-heading  \"><b>Argentr\u00e9 &#8211; Bonchamp l\u00e8s Laval &#8211; La Chapelle Anthenaise <\/b><\/p>\n<\/div><div class=\"\" data-hide-desktoplandscape=\"1\" data-hide-desktopportrait=\"1\" data-hide-mobilelandscape=\"1\" data-hide-mobileportrait=\"1\"><p class=\"n2-font-008e541371db8b0693d17cb5218fc7e9-paragraph  n2-style-8e439984e4a491fedade2737c27bbb11-heading \"><b>Argentr\u00e9 &#8211; Bonchamp l\u00e8s Laval &#8211; La Chapelle Anthenaise <\/b><\/p>\n<\/div><div class=\"\" data-hide-mobilelandscape=\"1\" data-hide-mobileportrait=\"1\" data-hide-tabletlandscape=\"1\" data-hide-tabletportrait=\"1\"><p class=\"n2-font-008e541371db8b0693d17cb5218fc7e9-paragraph  n2-style-8e439984e4a491fedade2737c27bbb11-heading  \"><b>Argentr\u00e9 &#8211; Bonchamp l\u00e8s Laval &#8211; La Chapelle Anthenaise <\/b><\/p>\n<\/div><\/div><\/div><\/div><\/div><\/div><\/div><\/div><div data-slide-duration=\"0\" data-id=\"11\" data-slide-public-id=\"4\" aria-hidden=\"true\" data-title=\"IMG_66601-1\" class=\"n2-ss-slide n2-ow  n2-ss-slide-11\"><div role=\"note\" class=\"n2-ss-slide--focus\" tabindex=\"-1\">IMG_66601-1<\/div><div class=\"n2-ss-layers-container n2-ss-slide-limiter n2-ow\"><div class=\"n2-ss-layer n2-ow n-uc-Msu8nI20ARKv\" data-sstype=\"slide\" data-pm=\"default\"><div class=\"n2-ss-layer n2-ow n-uc-ZiemtdCUrtPW\" data-pm=\"default\" data-sstype=\"content\" data-hasbackground=\"0\"><div class=\"n2-ss-section-main-content n2-ss-layer-with-background n2-ss-layer-content n2-ow n-uc-ZiemtdCUrtPW-inner\"><div class=\"n2-ss-layer n2-ow n-uc-US4r6Mgk7t4p\" data-pm=\"normal\" data-sstype=\"layer\"><div class=\"n2-ss-item-content n2-ss-text n2-ow-all\"><div data-hide-desktoplandscape=\"1\" data-hide-desktopportrait=\"1\" data-hide-tabletlandscape=\"1\" data-hide-tabletportrait=\"1\"><p class=\"n2-font-280b69053693e05435bf5549c7d74cd6-paragraph  n2-style-8e439984e4a491fedade2737c27bbb11-heading  \"><b><b>Louvern\u00e9 &#8211; Louvign\u00e9 &#8211; Soulg\u00e9 sur Ouette<\/b><\/b><\/p>\n<\/div><div class=\"\" data-hide-desktoplandscape=\"1\" data-hide-desktopportrait=\"1\" data-hide-mobilelandscape=\"1\" data-hide-mobileportrait=\"1\"><p class=\"n2-font-280b69053693e05435bf5549c7d74cd6-paragraph  n2-style-8e439984e4a491fedade2737c27bbb11-heading \"><b><b>Louvern\u00e9 &#8211; Louvign\u00e9 &#8211; Soulg\u00e9 sur Ouette<\/b><\/b><\/p>\n<\/div><div class=\"\" data-hide-mobilelandscape=\"1\" data-hide-mobileportrait=\"1\" data-hide-tabletlandscape=\"1\" data-hide-tabletportrait=\"1\"><p class=\"n2-font-280b69053693e05435bf5549c7d74cd6-paragraph  n2-style-8e439984e4a491fedade2737c27bbb11-heading  \"><b><b>Louvern\u00e9 &#8211; Louvign\u00e9 &#8211; Soulg\u00e9 sur Ouette<\/b><\/b><\/p>\n<\/div><\/div><\/div><\/div><\/div><\/div><\/div><\/div><div data-slide-duration=\"0\" data-id=\"4\" data-slide-public-id=\"5\" aria-hidden=\"true\" data-title=\"No\u00ebl 1\" class=\"n2-ss-slide n2-ow  n2-ss-slide-4\"><div role=\"note\" class=\"n2-ss-slide--focus\" tabindex=\"-1\">No\u00ebl 1<\/div><div class=\"n2-ss-layers-container n2-ss-slide-limiter n2-ow\"><div class=\"n2-ss-layer n2-ow n-uc-Xz0w2ApCzEf8\" data-sstype=\"slide\" data-pm=\"default\"><div class=\"n2-ss-layer n2-ow n-uc-JcZOeQkpC53C\" style=\"overflow:hidden;\" data-pm=\"default\" data-sstype=\"content\" data-hasbackground=\"0\"><div class=\"n2-ss-section-main-content n2-ss-layer-with-background n2-ss-layer-content n2-ow n-uc-JcZOeQkpC53C-inner\"><div class=\"n2-ss-layer n2-ow n-uc-5oTXQMoukEWY\" data-pm=\"normal\" data-sstype=\"layer\"><h2 id=\"n2-ss-1item5\" class=\"n2-font-de755f924a7f87919eb2b99c2ff2cf05-hover n2-style-8ba7751f891cee08effd0f5f9d855fae-heading   n2-ss-item-content n2-ss-text n2-ow\" style=\"display:block;\">Visite des \u00e9glises de la Paroisse<\/h2><\/div><div class=\"n2-ss-layer n2-ow n-uc-SvuuJKyUyPLr n2-ss-layer--auto\" data-pm=\"normal\" data-sstype=\"layer\"><div class=\"n2-ss-button-container n2-ss-item-content n2-ow n2-font-3e1e9215a4a7254f4017178dea12dfe5-link  n2-ss-nowrap n2-ss-button-container--non-full-width\"><a class=\"n2-style-505e38de921a4de7598f878187cde1d9-heading  n2-ow \" href=\"https:\/\/www.paroisse-saint-melaine53.fr\/?page_id=240\"><div><div>Voir ici<\/div><\/div><\/a><\/div><\/div><\/div><\/div><\/div><\/div><\/div>                    <\/div>\n\n                                    <\/div>\n            <\/div>\n        <\/div>\n        <div class=\"n2-ss-slider-controls n2-ss-slider-controls-absolute-left-bottom\"><div style=\"--widget-offset:15px;\" class=\"n2-ss-widget n2-style-f17ddbf2d8ed14421f9093b94b93b8a9-heading nextend-autoplay n2-ow-all nextend-autoplay-image\" role=\"button\" aria-label=\"D\u00e9marrage automatique\" data-pause-label=\"Pause d\u00e9marrage automatique\" data-play-label=\"D\u00e9marrage automatique\" tabindex=\"0\"><img data-opt-id=539451468  decoding=\"async\" width=\"16\" height=\"16\" class=\"nextend-autoplay-play skip-lazy\" data-skip-lazy=\"1\" src=\"data:image\/svg+xml;base64,PHN2ZyB3aWR0aD0iMTYiIGhlaWdodD0iMTYiIHZpZXdCb3g9IjAgMCAxNiAxNiIgeG1sbnM9Imh0dHA6Ly93d3cudzMub3JnLzIwMDAvc3ZnIj4KICAgIDxwYXRoIGQ9Ik0xMS41OCA3LjAzTDUuMzAyIDIuMTY1QzUuMTY1IDIuMDU3IDUuMDE2IDIgNC44NTcgMiA0LjM4NCAyIDQgMi41MDQgNCAzLjEyNXY5Ljc1YzAgLjYyLjM4NCAxLjEyNS44NTcgMS4xMjUuMTYgMCAuMzA4LS4wNTcuNDM2LS4xNTZMMTEuNTggOC45N2MuMjUtLjE5OC40Mi0uNTU4LjQyLS45NyAwLS40MTItLjE3LS43NzMtLjQyLS45N3oiCiAgICAgICAgICBmaWxsPSIjNDU5NGUxIiBvcGFjaXR5PSIxIiBmaWxsLXJ1bGU9ImV2ZW5vZGQiLz4KPC9zdmc+\" alt=\"Play\"><img data-opt-id=539451468  decoding=\"async\" width=\"16\" height=\"16\" class=\"nextend-autoplay-pause skip-lazy\" data-skip-lazy=\"1\" src=\"data:image\/svg+xml;base64,PHN2ZyB3aWR0aD0iMTYiIGhlaWdodD0iMTYiIHZpZXdCb3g9IjAgMCAxNiAxNiIgeG1sbnM9Imh0dHA6Ly93d3cudzMub3JnLzIwMDAvc3ZnIj4KICAgIDxwYXRoIGQ9Ik00IDJ2MTJoM1YySDR6bTUgMHYxMmgzVjJIOXoiIGZpbGw9IiM0NTk0ZTEiIG9wYWNpdHk9IjEiIGZpbGwtcnVsZT0iZXZlbm9kZCIvPgo8L3N2Zz4=\" alt=\"Pause\"><\/div><\/div><div class=\"n2-ss-slider-controls n2-ss-slider-controls-absolute-center-bottom\"><div style=\"--widget-offset:5px;\" class=\"n2-ss-widget n2-ss-control-bullet n2-ow-all n2-ss-control-bullet-horizontal\"><div class=\" nextend-bullet-bar n2-bar-justify-content-center\" role=\"group\" aria-label=\"Choose slide to display.\"><div class=\"n2-bullet n2-style-37b83350d88fb82e7ea26e8ad7887167-dot \" style=\"visibility:hidden;\"><\/div><\/div><\/div><\/div><\/div><\/div><ss3-loader><\/ss3-loader><\/div><\/div><div class=\"n2_clear\"><\/div><\/div><\/ss3-force-full-width><\/div>\n\n\n<div style=\"height:24px\" aria-hidden=\"true\" class=\"wp-block-spacer\"><\/div>\n\n\n\n<p><strong>       <\/strong><\/p>\n\n\n\n<div class=\"wp-block-columns is-layout-flex wp-container-core-columns-is-layout-9d6595d7 wp-block-columns-is-layout-flex\">\n<div class=\"wp-block-column is-layout-flow wp-block-column-is-layout-flow\" style=\"flex-basis:100%\">\n<div class=\"wp-block-cover\" style=\"min-height:227px;aspect-ratio:unset;\"><img data-opt-id=111901509  decoding=\"async\" width=\"2560\" height=\"1920\" class=\"wp-block-cover__image-background wp-image-3861 lazyload\" alt=\"\" data-src=\"https:\/\/ml8u9mzc6rsf.i.optimole.com\/cb:Y0oE.2e511\/w:auto\/h:auto\/q:mauto\/f:best\/https:\/\/www.paroisse-saint-melaine53.fr\/wp-content\/uploads\/2024\/05\/P4085121-scaled.jpg\" data-object-fit=\"cover\" data-srcset=\"https:\/\/ml8u9mzc6rsf.i.optimole.com\/cb:Y0oE.2e511\/w:1440\/h:1080\/q:mauto\/f:best\/https:\/\/www.paroisse-saint-melaine53.fr\/wp-content\/uploads\/2024\/05\/P4085121-scaled.jpg 2560w, https:\/\/ml8u9mzc6rsf.i.optimole.com\/cb:Y0oE.2e511\/w:595\/h:446\/q:mauto\/f:best\/https:\/\/www.paroisse-saint-melaine53.fr\/wp-content\/uploads\/2024\/05\/P4085121-scaled.jpg 595w, https:\/\/ml8u9mzc6rsf.i.optimole.com\/cb:Y0oE.2e511\/w:960\/h:720\/q:mauto\/f:best\/https:\/\/www.paroisse-saint-melaine53.fr\/wp-content\/uploads\/2024\/05\/P4085121-scaled.jpg 960w, https:\/\/ml8u9mzc6rsf.i.optimole.com\/cb:Y0oE.2e511\/w:768\/h:576\/q:mauto\/f:best\/https:\/\/www.paroisse-saint-melaine53.fr\/wp-content\/uploads\/2024\/05\/P4085121-scaled.jpg 768w, https:\/\/ml8u9mzc6rsf.i.optimole.com\/cb:Y0oE.2e511\/w:600\/h:450\/q:mauto\/f:best\/https:\/\/www.paroisse-saint-melaine53.fr\/wp-content\/uploads\/2024\/05\/P4085121-scaled.jpg 600w, https:\/\/ml8u9mzc6rsf.i.optimole.com\/cb:Y0oE.2e511\/w:1440\/h:1080\/q:mauto\/f:best\/https:\/\/www.paroisse-saint-melaine53.fr\/wp-content\/uploads\/2024\/05\/P4085121-scaled.jpg 1536w, https:\/\/ml8u9mzc6rsf.i.optimole.com\/cb:Y0oE.2e511\/w:1440\/h:1080\/q:mauto\/f:best\/https:\/\/www.paroisse-saint-melaine53.fr\/wp-content\/uploads\/2024\/05\/P4085121-scaled.jpg 2048w\" data-sizes=\"(max-width: 1200px) 100vw, 1200px\" src=\"data:image\/svg+xml;base64,PHN2ZyB3aWR0aD0iMSIgaGVpZ2h0PSIxIiB4bWxucz0iaHR0cDovL3d3dy53My5vcmcvMjAwMC9zdmciPjwvc3ZnPg==\" style=\"--smush-placeholder-width: 2560px; --smush-placeholder-aspect-ratio: 2560\/1920;\" \/><span aria-hidden=\"true\" class=\"wp-block-cover__background has-nv-dark-bg-background-color has-background-dim\"><\/span><div class=\"wp-block-cover__inner-container is-layout-flow wp-block-cover-is-layout-flow\">\n<p class=\"has-text-align-center has-nv-site-bg-color has-text-color has-link-color has-medium-font-size wp-elements-c37f70d56ca9fe9966c6ff9bf17dfd64\"><strong>une paroisse en mission<\/strong><\/p>\n\n\n\n<p class=\"has-text-align-center has-nv-site-bg-color has-text-color has-link-color has-medium-font-size wp-elements-1a9463289921d2191eb055e177358a82\"><strong>une paroisse qui vit la fraternit\u00e9 <\/strong><\/p>\n\n\n\n<p class=\"has-text-align-center has-nv-site-bg-color has-text-color has-link-color has-medium-font-size wp-elements-95064fcdd9815e61457c33bd76c4ba37\"><strong>une paroisse qui vous attend<\/strong><\/p>\n\n\n\n<div class=\"wp-block-buttons alignwide is-content-justification-center is-layout-flex wp-container-core-buttons-is-layout-16018d1d wp-block-buttons-is-layout-flex\">\n<div class=\"wp-block-button is-style-default advgb-dyn-79de0a98\"><a class=\"wp-block-button__link has-neve-link-color-color has-nv-site-bg-background-color has-text-color has-background has-link-color wp-element-button\" href=\"https:\/\/www.paroisse-saint-melaine53.fr\/?page_id=3783\" style=\"border-width:3px;border-radius:130px;font-style:normal;font-weight:500\" target=\"_blank\" rel=\"noreferrer noopener nofollow\"><strong> Horaires et lieux de<\/strong>s<strong> messes ici<\/strong><\/a><\/div>\n<\/div>\n<\/div><\/div>\n<\/div>\n<\/div>\n\n\n\n<h2 class=\"wp-block-heading has-text-align-center has-text-color\" style=\"color:#55629b\">Une paroisse qui vit&#8230;<\/h2>\n\n\n<ul class=\"wp-block-latest-posts__list is-grid columns-3 aligncenter wp-block-latest-posts\"><li><div class=\"wp-block-latest-posts__featured-image\"><a href=\"https:\/\/www.paroisse-saint-melaine53.fr\/?p=5328\" aria-label=\"JMJ 2026 de la Mayenne\"><img data-opt-id=452170867  decoding=\"async\" width=\"276\" height=\"183\" data-src=\"https:\/\/ml8u9mzc6rsf.i.optimole.com\/cb:Y0oE.2e511\/w:auto\/h:auto\/q:mauto\/f:best\/https:\/\/www.paroisse-saint-melaine53.fr\/wp-content\/uploads\/2026\/01\/Titre.jpg\" class=\"attachment-thumbnail size-thumbnail wp-post-image lazyload\" alt=\"\" style=\"--smush-placeholder-width: 276px; --smush-placeholder-aspect-ratio: 276\/183;max-width:240px;max-height:320px;\" src=\"data:image\/svg+xml;base64,PHN2ZyB3aWR0aD0iMSIgaGVpZ2h0PSIxIiB4bWxucz0iaHR0cDovL3d3dy53My5vcmcvMjAwMC9zdmciPjwvc3ZnPg==\" \/><\/a><\/div><a class=\"wp-block-latest-posts__post-title\" href=\"https:\/\/www.paroisse-saint-melaine53.fr\/?p=5328\">JMJ 2026 de la Mayenne<\/a><div class=\"wp-block-latest-posts__post-excerpt\">Les Journ\u00e9es Mayennaises de la Jeunesse reviennent ! Forte de son succ\u00e8s en 2024, la seconde \u00e9dition des Journ\u00e9es Mayennaises de la Jeunesse (JmJ) se tiendra du&nbsp;jeudi 14 mai \u00e0 18 h au dimanche 17 mai 2026&hellip;&nbsp;<a href=\"https:\/\/www.paroisse-saint-melaine53.fr\/?p=5328\" rel=\"bookmark\">Lire la suite &raquo;<span class=\"screen-reader-text\">JMJ 2026 de la Mayenne<\/span><\/a><\/div><\/li>\n<li><div class=\"wp-block-latest-posts__featured-image\"><a href=\"https:\/\/www.paroisse-saint-melaine53.fr\/?p=5315\" aria-label=\"Offrir une messe&#8230;\"><img data-opt-id=1256197379  decoding=\"async\" width=\"310\" height=\"162\" data-src=\"https:\/\/ml8u9mzc6rsf.i.optimole.com\/cb:Y0oE.2e511\/w:auto\/h:auto\/q:mauto\/f:best\/https:\/\/www.paroisse-saint-melaine53.fr\/wp-content\/uploads\/2026\/01\/Offrir-une-messe.jpg\" class=\"attachment-thumbnail size-thumbnail wp-post-image lazyload\" alt=\"\" style=\"--smush-placeholder-width: 310px; --smush-placeholder-aspect-ratio: 310\/162;max-width:240px;max-height:320px;\" src=\"data:image\/svg+xml;base64,PHN2ZyB3aWR0aD0iMSIgaGVpZ2h0PSIxIiB4bWxucz0iaHR0cDovL3d3dy53My5vcmcvMjAwMC9zdmciPjwvc3ZnPg==\" \/><\/a><\/div><a class=\"wp-block-latest-posts__post-title\" href=\"https:\/\/www.paroisse-saint-melaine53.fr\/?p=5315\">Offrir une messe&#8230;<\/a><div class=\"wp-block-latest-posts__post-excerpt\">Quel est le sens de ce geste qui met ensemble une intention de pri\u00e8re, la c\u00e9l\u00e9bration de l\u2019eucharistie et le don d\u2019une somme d\u2019argent ? Demander la c\u00e9l\u00e9bration d\u2019une messe, c\u2019est offrir \u00e0 toute l\u2019Eglise la possibilit\u00e9&hellip;&nbsp;<a href=\"https:\/\/www.paroisse-saint-melaine53.fr\/?p=5315\" rel=\"bookmark\">Lire la suite &raquo;<span class=\"screen-reader-text\">Offrir une messe&#8230;<\/span><\/a><\/div><\/li>\n<li><div class=\"wp-block-latest-posts__featured-image\"><a href=\"https:\/\/www.paroisse-saint-melaine53.fr\/?p=5208\" aria-label=\"Mission paroissiale\"><img data-opt-id=1101556528  decoding=\"async\" width=\"480\" height=\"640\" data-src=\"https:\/\/ml8u9mzc6rsf.i.optimole.com\/cb:Y0oE.2e511\/w:480\/h:640\/q:mauto\/rt:fill\/g:ce\/f:best\/https:\/\/www.paroisse-saint-melaine53.fr\/wp-content\/uploads\/2025\/09\/2025-2026-MISSION-PAROISSIALE-1_Page_1.jpg\" class=\"attachment-thumbnail size-thumbnail wp-post-image lazyload\" alt=\"\" style=\"--smush-placeholder-width: 480px; --smush-placeholder-aspect-ratio: 480\/640;max-width:240px;max-height:320px;\" src=\"data:image\/svg+xml;base64,PHN2ZyB3aWR0aD0iMSIgaGVpZ2h0PSIxIiB4bWxucz0iaHR0cDovL3d3dy53My5vcmcvMjAwMC9zdmciPjwvc3ZnPg==\" \/><\/a><\/div><a class=\"wp-block-latest-posts__post-title\" href=\"https:\/\/www.paroisse-saint-melaine53.fr\/?p=5208\">Mission paroissiale<\/a><div class=\"wp-block-latest-posts__post-excerpt\"><\/div><\/li>\n<li><div class=\"wp-block-latest-posts__featured-image\"><a href=\"https:\/\/www.paroisse-saint-melaine53.fr\/?p=5018\" aria-label=\"ESPACE SAINT MELAINE\"><img data-opt-id=1624331451  decoding=\"async\" width=\"480\" height=\"454\" data-src=\"https:\/\/ml8u9mzc6rsf.i.optimole.com\/cb:Y0oE.2e511\/w:480\/h:454\/q:mauto\/f:best\/https:\/\/www.paroisse-saint-melaine53.fr\/wp-content\/uploads\/2025\/07\/Espace-mini.jpg\" class=\"attachment-thumbnail size-thumbnail wp-post-image lazyload\" alt=\"\" style=\"--smush-placeholder-width: 480px; --smush-placeholder-aspect-ratio: 480\/454;max-width:240px;max-height:320px;\" src=\"data:image\/svg+xml;base64,PHN2ZyB3aWR0aD0iMSIgaGVpZ2h0PSIxIiB4bWxucz0iaHR0cDovL3d3dy53My5vcmcvMjAwMC9zdmciPjwvc3ZnPg==\" \/><\/a><\/div><a class=\"wp-block-latest-posts__post-title\" href=\"https:\/\/www.paroisse-saint-melaine53.fr\/?p=5018\">ESPACE SAINT MELAINE<\/a><div class=\"wp-block-latest-posts__post-excerpt\">Voil\u00e0 presqu\u2019un an que l\u2019Espace Saint Melaine situ\u00e9 au 5 rue de l\u2019Abb\u00e9 Angot \u00e0 Louvern\u00e9 est op\u00e9rationnel. Cet espace permet \u00e0 la Communaut\u00e9 paroissiale de se r\u00e9unir pour grandir spirituellement et partager des temps fraternels.&nbsp; C\u2019est&hellip;&nbsp;<a href=\"https:\/\/www.paroisse-saint-melaine53.fr\/?p=5018\" rel=\"bookmark\">Lire la suite &raquo;<span class=\"screen-reader-text\">ESPACE SAINT MELAINE<\/span><\/a><\/div><\/li>\n<li><div class=\"wp-block-latest-posts__featured-image\"><a href=\"https:\/\/www.paroisse-saint-melaine53.fr\/?p=4782\" aria-label=\"Arriv\u00e9e du panier de qu\u00eate connect\u00e9\"><img data-opt-id=804859752  decoding=\"async\" width=\"292\" height=\"173\" data-src=\"https:\/\/ml8u9mzc6rsf.i.optimole.com\/cb:Y0oE.2e511\/w:auto\/h:auto\/q:mauto\/f:best\/https:\/\/www.paroisse-saint-melaine53.fr\/wp-content\/uploads\/2025\/01\/Quete.jpeg\" class=\"attachment-thumbnail size-thumbnail wp-post-image lazyload\" alt=\"\" style=\"--smush-placeholder-width: 292px; --smush-placeholder-aspect-ratio: 292\/173;max-width:240px;max-height:320px;\" src=\"data:image\/svg+xml;base64,PHN2ZyB3aWR0aD0iMSIgaGVpZ2h0PSIxIiB4bWxucz0iaHR0cDovL3d3dy53My5vcmcvMjAwMC9zdmciPjwvc3ZnPg==\" \/><\/a><\/div><a class=\"wp-block-latest-posts__post-title\" href=\"https:\/\/www.paroisse-saint-melaine53.fr\/?p=4782\">Arriv\u00e9e du panier de qu\u00eate connect\u00e9<\/a><div class=\"wp-block-latest-posts__post-excerpt\">Pour ceux d\u2019entre-nous qui n\u2019avons jamais de monnaie dans nos poches, plus d\u2019excuses, un panier de qu\u00eates connect\u00e9 nous permet d\u2019effectuer notre offrande avec notre carte bancaire. Il s\u2019ajoute \u00e0 nos traditionnelles corbeilles, chacun choisit comment donner.&hellip;&nbsp;<a href=\"https:\/\/www.paroisse-saint-melaine53.fr\/?p=4782\" rel=\"bookmark\">Lire la suite &raquo;<span class=\"screen-reader-text\">Arriv\u00e9e du panier de qu\u00eate connect\u00e9<\/span><\/a><\/div><\/li>\n<li><div class=\"wp-block-latest-posts__featured-image\"><a href=\"https:\/\/www.paroisse-saint-melaine53.fr\/?p=5071\" aria-label=\"FORMATION PERMANENTE\"><img data-opt-id=300650441  decoding=\"async\" width=\"480\" height=\"640\" data-src=\"https:\/\/ml8u9mzc6rsf.i.optimole.com\/cb:Y0oE.2e511\/w:480\/h:640\/q:mauto\/rt:fill\/g:ce\/f:best\/https:\/\/www.paroisse-saint-melaine53.fr\/wp-content\/uploads\/2025\/09\/Titre-FP.jpg\" class=\"attachment-thumbnail size-thumbnail wp-post-image lazyload\" alt=\"\" style=\"--smush-placeholder-width: 480px; --smush-placeholder-aspect-ratio: 480\/640;max-width:240px;max-height:320px;\" src=\"data:image\/svg+xml;base64,PHN2ZyB3aWR0aD0iMSIgaGVpZ2h0PSIxIiB4bWxucz0iaHR0cDovL3d3dy53My5vcmcvMjAwMC9zdmciPjwvc3ZnPg==\" \/><\/a><\/div><a class=\"wp-block-latest-posts__post-title\" href=\"https:\/\/www.paroisse-saint-melaine53.fr\/?p=5071\">FORMATION PERMANENTE<\/a><div class=\"wp-block-latest-posts__post-excerpt\">Transmettre l&rsquo;\u00e9nonc\u00e9 de la foi avec des mots simples : mission impossible ? La formation permanente fait sa rentr\u00e9e lundi 22 septembre 2025 de 20h30 \u00e0 22h \u00e0 la Maison dioc\u00e9saine. A cette occasion, le P. Vincent&hellip;&nbsp;<a href=\"https:\/\/www.paroisse-saint-melaine53.fr\/?p=5071\" rel=\"bookmark\">Lire la suite &raquo;<span class=\"screen-reader-text\">FORMATION PERMANENTE<\/span><\/a><\/div><\/li>\n<\/ul>\n\n\n<div class=\"wp-block-columns is-layout-flex wp-container-core-columns-is-layout-9d6595d7 wp-block-columns-is-layout-flex\">\n<div class=\"wp-block-column is-layout-flow wp-block-column-is-layout-flow\">\n<h3 class=\"wp-block-heading has-text-align-center has-text-color\" style=\"color:#55629b\">Besoins de plus d&rsquo;informations ? <\/h3>\n\n\n\n<p class=\"has-text-align-center\">Visitez le site internet du dioc\u00e8se de Laval : <\/p>\n\n\n\n<p class=\"has-text-align-center has-neve-link-color-color has-text-color has-link-color has-medium-font-size wp-elements-5af5f4419252b773a31ed13f3f307a48\"><a href=\"https:\/\/diocesedelaval.fr\" title=\"Diocese de Laval\">https:\/\/diocesedelaval.fr<\/a><\/p>\n\n\n\n<p><\/p>\n\n\n\n<figure class=\"wp-block-image size-full is-resized\"><img data-opt-id=502530555  decoding=\"async\" width=\"300\" height=\"212\" data-src=\"https:\/\/ml8u9mzc6rsf.i.optimole.com\/cb:Y0oE.2e511\/w:auto\/h:auto\/q:mauto\/f:best\/https:\/\/www.paroisse-saint-melaine53.fr\/wp-content\/uploads\/2025\/10\/Logo-diocese.png\" alt=\"\" class=\"wp-image-5124 lazyload\" style=\"--smush-placeholder-width: 300px; --smush-placeholder-aspect-ratio: 300\/212;width:233px;height:auto\" src=\"data:image\/svg+xml;base64,PHN2ZyB3aWR0aD0iMSIgaGVpZ2h0PSIxIiB4bWxucz0iaHR0cDovL3d3dy53My5vcmcvMjAwMC9zdmciPjwvc3ZnPg==\" \/><\/figure>\n<\/div>\n\n\n\n<div class=\"wp-block-column is-layout-flow wp-block-column-is-layout-flow\">\n<h3 class=\"wp-block-heading has-text-align-center has-text-color\" style=\"color:#55629b\">Nouveaux Arrivants <\/h3>\n\n\n\n<p class=\"has-text-align-center\">Vous avez besoin d&rsquo;informations <\/p>\n\n\n\n<p class=\"has-text-align-center\">                                 <a href=\"https:\/\/www.paroisse-saint-melaine53.fr\/wp-content\/uploads\/2025\/11\/LIVRET-BIENVENUE-2025-2026.pdf\" title=\"Livret bienvenue 2025-2026\"><strong>LIVRET-BIENVENUE-2025-2026.pdf<\/strong><\/a><\/p>\n\n\n\n<figure class=\"wp-block-image size-large is-resized\"><img data-opt-id=204640811  decoding=\"async\" width=\"960\" height=\"508\" data-src=\"https:\/\/ml8u9mzc6rsf.i.optimole.com\/cb:Y0oE.2e511\/w:960\/h:508\/q:mauto\/f:best\/https:\/\/www.paroisse-saint-melaine53.fr\/wp-content\/uploads\/2025\/10\/Logo-paroisse.png\" alt=\"\" class=\"wp-image-5138 lazyload\" style=\"--smush-placeholder-width: 960px; --smush-placeholder-aspect-ratio: 960\/508;width:444px;height:auto\" data-srcset=\"https:\/\/ml8u9mzc6rsf.i.optimole.com\/cb:Y0oE.2e511\/w:960\/h:508\/q:mauto\/f:best\/https:\/\/www.paroisse-saint-melaine53.fr\/wp-content\/uploads\/2025\/10\/Logo-paroisse-scaled.png 960w, https:\/\/ml8u9mzc6rsf.i.optimole.com\/cb:Y0oE.2e511\/w:595\/h:315\/q:mauto\/f:best\/https:\/\/www.paroisse-saint-melaine53.fr\/wp-content\/uploads\/2025\/10\/Logo-paroisse-scaled.png 595w, https:\/\/ml8u9mzc6rsf.i.optimole.com\/cb:Y0oE.2e511\/w:768\/h:406\/q:mauto\/f:best\/https:\/\/www.paroisse-saint-melaine53.fr\/wp-content\/uploads\/2025\/10\/Logo-paroisse-scaled.png 768w, https:\/\/ml8u9mzc6rsf.i.optimole.com\/cb:Y0oE.2e511\/w:600\/h:317\/q:mauto\/f:best\/https:\/\/www.paroisse-saint-melaine53.fr\/wp-content\/uploads\/2025\/10\/Logo-paroisse-scaled.png 600w, https:\/\/ml8u9mzc6rsf.i.optimole.com\/cb:Y0oE.2e511\/w:1536\/h:812\/q:mauto\/f:best\/https:\/\/www.paroisse-saint-melaine53.fr\/wp-content\/uploads\/2025\/10\/Logo-paroisse-scaled.png 1536w, https:\/\/ml8u9mzc6rsf.i.optimole.com\/cb:Y0oE.2e511\/w:1920\/h:1015\/q:mauto\/f:best\/https:\/\/www.paroisse-saint-melaine53.fr\/wp-content\/uploads\/2025\/10\/Logo-paroisse-scaled.png 2048w\" data-sizes=\"(max-width: 960px) 100vw, 960px\" src=\"data:image\/svg+xml;base64,PHN2ZyB3aWR0aD0iMSIgaGVpZ2h0PSIxIiB4bWxucz0iaHR0cDovL3d3dy53My5vcmcvMjAwMC9zdmciPjwvc3ZnPg==\" \/><\/figure>\n<\/div>\n<\/div>\n\n\n\n<div class=\"wp-block-columns is-layout-flex wp-container-core-columns-is-layout-9d6595d7 wp-block-columns-is-layout-flex\">\n<div class=\"wp-block-column is-layout-flow wp-block-column-is-layout-flow\"><\/div>\n\n\n\n<div class=\"wp-block-column is-layout-flow wp-block-column-is-layout-flow\"><\/div>\n\n\n\n<div class=\"wp-block-column is-layout-flow wp-block-column-is-layout-flow\"><\/div>\n<\/div>\n\n\n\n<p><\/p>\n","protected":false},"excerpt":{"rendered":"<p>Une paroisse qui vit&#8230; Besoins de plus d&rsquo;informations ? Visitez le site internet du dioc\u00e8se de Laval : https:\/\/diocesedelaval.fr Nouveaux Arrivants Vous avez besoin d&rsquo;informations LIVRET-BIENVENUE-2025-2026.pdf<\/p>\n","protected":false},"author":14,"featured_media":0,"parent":0,"menu_order":0,"comment_status":"closed","ping_status":"closed","template":"page-templates\/template-pagebuilder-full-width.php","meta":{"_acf_changed":false,"advgb_blocks_editor_width":"","advgb_blocks_columns_visual_guide":"","_monsterinsights_skip_tracking":false,"_monsterinsights_sitenote_active":false,"_monsterinsights_sitenote_note":"","_monsterinsights_sitenote_category":0,"neve_meta_sidebar":"","neve_meta_container":"","neve_meta_enable_content_width":"on","neve_meta_content_width":0,"neve_meta_title_alignment":"","neve_meta_author_avatar":"","neve_post_elements_order":"","neve_meta_disable_header":"","neve_meta_disable_footer":"","neve_meta_disable_title":"","footnotes":""},"class_list":["post-2769","page","type-page","status-publish","hentry"],"acf":[],"aioseo_notices":[],"coauthors":[],"author_meta":{"author_link":"https:\/\/www.paroisse-saint-melaine53.fr\/?author=14","display_name":"sebgiraud"},"relative_dates":{"created":"Publi\u00e9 4 ans il y a","modified":"Mis \u00e0 jour 4 mois il y a"},"absolute_dates":{"created":"Publi\u00e9 le 21 octobre 2022","modified":"Mise \u00e0 jour le 8 janvier 2026"},"absolute_dates_time":{"created":"Publi\u00e9 le 21 octobre 2022 20 h 23 min","modified":"Mise \u00e0 jour le 8 janvier 2026 22 h 18 min"},"featured_img_caption":"","featured_img":false,"series_order":"","_links":{"self":[{"href":"https:\/\/www.paroisse-saint-melaine53.fr\/index.php?rest_route=\/wp\/v2\/pages\/2769","targetHints":{"allow":["GET"]}}],"collection":[{"href":"https:\/\/www.paroisse-saint-melaine53.fr\/index.php?rest_route=\/wp\/v2\/pages"}],"about":[{"href":"https:\/\/www.paroisse-saint-melaine53.fr\/index.php?rest_route=\/wp\/v2\/types\/page"}],"author":[{"embeddable":true,"href":"https:\/\/www.paroisse-saint-melaine53.fr\/index.php?rest_route=\/wp\/v2\/users\/14"}],"replies":[{"embeddable":true,"href":"https:\/\/www.paroisse-saint-melaine53.fr\/index.php?rest_route=%2Fwp%2Fv2%2Fcomments&post=2769"}],"version-history":[{"count":209,"href":"https:\/\/www.paroisse-saint-melaine53.fr\/index.php?rest_route=\/wp\/v2\/pages\/2769\/revisions"}],"predecessor-version":[{"id":5238,"href":"https:\/\/www.paroisse-saint-melaine53.fr\/index.php?rest_route=\/wp\/v2\/pages\/2769\/revisions\/5238"}],"wp:attachment":[{"href":"https:\/\/www.paroisse-saint-melaine53.fr\/index.php?rest_route=%2Fwp%2Fv2%2Fmedia&parent=2769"}],"curies":[{"name":"wp","href":"https:\/\/api.w.org\/{rel}","templated":true}]}}